{"id":11365,"date":"2026-03-05T10:43:17","date_gmt":"2026-03-05T09:43:17","guid":{"rendered":"https:\/\/gravitybp.com\/?page_id=11365"},"modified":"2026-03-05T10:47:45","modified_gmt":"2026-03-05T09:47:45","slug":"b2badatkezelesitajekoztato","status":"publish","type":"page","link":"https:\/\/gravitybp.com\/hu\/b2badatkezelesitajekoztato\/","title":{"rendered":""},"content":{"rendered":"<div class=\"ttr_start\"><\/div><section data-bb-version=\"5.6.7\" id=\"bt_bb_section69f28f962e551\" class=\"bt_bb_section bt_bb_layout_boxed_1200\"  data-bt-override-class=\"null\"><div class=\"bt_bb_port\"><div class=\"bt_bb_cell\"><div class=\"bt_bb_cell_inner\"><div data-bb-version=\"5.6.7\" class=\"bt_bb_row  bt_bb_column_gap_large\"  data-bt-override-class=\"{&quot;bt_bb_animation_&quot;:{&quot;current_class&quot;:&quot;bt_bb_animation_no_animation&quot;,&quot;def&quot;:&quot;no_animation&quot;}}\"><div class=\"bt_bb_row_holder\" ><div data-bb-version=\"5.6.7\"  class=\"bt_bb_column col-xxl-12 col-xl-12 col-xs-12 col-sm-12 col-md-12 col-lg-12 bt_bb_vertical_align_top bt_bb_align_left bt_bb_padding_normal\" style=\"; --column-width:12;\" data-width=\"12\" data-bt-override-class=\"{}\"><div class=\"bt_bb_column_content\"><div class=\"bt_bb_column_content_inner\"><div data-bb-version=\"5.6.7\"  class=\"bt_bb_text\" ><\/p>\n<h1>\u00a0<\/h1>\n<h1>\u00a0<\/h1>\n<h1>\u00a0<\/h1>\n<h1><b>\u00c1LTAL\u00c1NOS ADATV\u00c9DELMI T\u00c1J\u00c9KOZTAT\u00d3 \u00dcZLETI PARTNEREK R\u00c9SZ\u00c9RE<\/b><\/h1>\n<p><span style=\"font-weight: 400;\">A <\/span><b>Gravity Spirits Korl\u00e1tolt Felel\u0151ss\u00e9g\u0171 T\u00e1rsas\u00e1g<\/b><span style=\"font-weight: 400;\"> harmadik felekkel, els\u0151sorban a vele kapcsolatba ker\u00fcl\u0151 szerz\u0151d\u00e9ses partnerek munkat\u00e1rsaival, valamint kapcsolattart\u00f3ival (egy\u00fcttesen: \u201e\u00e9rintett(ek)\u201d) kapcsolatban az EU 2016\/679. sz\u00e1m\u00fa \u00c1ltal\u00e1nos Adatv\u00e9delmi Rendelete (\u201eGDPR\u201d) 4. cikk 1. pontja szerint\u00a0 \u201eszem\u00e9lyes adatnak\u201d min\u0151s\u00fcl\u0151 inform\u00e1ci\u00f3kat kezel.<\/span><\/p>\n<p><span style=\"font-weight: 400;\">A jelen adatkezel\u00e9si t\u00e1j\u00e9koztat\u00f3 (\u201eT\u00e1j\u00e9koztat\u00f3\u201d) ezeknek a szem\u00e9lyes adatoknak a kezel\u00e9s\u00e9r\u0151l ad t\u00e1j\u00e9koztat\u00e1st.<\/span><\/p>\n<p><b><\/b><\/p>\n<ul>\n<li aria-level=\"1\"><b>Az adatkezel\u0151 neve \u00e9s el\u00e9rhet\u0151s\u00e9ge<\/b><\/li>\n<\/ul>\n<p>\u00a0<\/p>\n<ol>\n<li style=\"font-weight: 400;\" aria-level=\"2\"><span style=\"font-weight: 400;\">A jelen adatkezel\u00e9sek vonatkoz\u00e1s\u00e1ban\u00a0<\/span><\/li>\n<\/ol>\n<p>\u00a0<\/p>\n<p><span style=\"font-weight: 400;\">Adatkezel\u0151 neve: <\/span><b>Gravity Spirits Korl\u00e1tolt Felel\u0151ss\u00e9g\u0171 T\u00e1rsas\u00e1g<\/b><\/p>\n<p><span style=\"font-weight: 400;\">Sz\u00e9khelye \u00e9s levelez\u00e9si c\u00edme: 1093 Budapest, L\u00f3nyay utca 22. fszt. 2.<\/span><\/p>\n<p><span style=\"font-weight: 400;\">Email c\u00edme: <\/span><span style=\"font-weight: 400;\">\u2026\u2026\u2026\u2026\u2026\u2026\u2026\u2026\u2026\u2026\u2026\u2026\u2026<\/span><\/p>\n<p><span style=\"font-weight: 400;\">mint adatkezel\u0151, (a tov\u00e1bbiakban, mint Gravity vagy Adatkezel\u0151),<\/span><\/p>\n<p>\u00a0<\/p>\n<p><span style=\"font-weight: 400;\">kezeli az \u00d6n szem\u00e9lyes adatait. \u00d6n, mint az adatkezel\u00e9s kapcs\u00e1n azonos\u00edtott vagy azonos\u00edthat\u00f3 term\u00e9szetes szem\u00e9ly, az adatkezel\u00e9s \u00c9rintettje lesz.\u00a0<\/span><\/p>\n<p>\u00a0<\/p>\n<ol>\n<li style=\"font-weight: 400;\" aria-level=\"2\"><span style=\"font-weight: 400;\">Az Adatkezel\u0151 hat\u00e1rozza meg a szem\u00e9lyes adatok kezel\u00e9s\u00e9nek c\u00e9ljait \u00e9s eszk\u00f6zeit. Adatkezel\u00e9s alatt, az al\u00e1bbi m\u0171veletek \u00e9rtend\u0151ek: a szem\u00e9lyes adatokon vagy adat\u00e1llom\u00e1nyokon automatiz\u00e1lt vagy nem automatiz\u00e1lt m\u00f3don v\u00e9gzett b\u00e1rmely m\u0171velet vagy m\u0171veletek \u00f6sszess\u00e9ge, \u00edgy a gy\u0171jt\u00e9s, r\u00f6gz\u00edt\u00e9s, rendszerez\u00e9s, tagol\u00e1s, t\u00e1rol\u00e1s, \u00e1talak\u00edt\u00e1s vagy megv\u00e1ltoztat\u00e1s, lek\u00e9rdez\u00e9s, betekint\u00e9s, felhaszn\u00e1l\u00e1s, k\u00f6zl\u00e9s tov\u00e1bb\u00edt\u00e1s, vagy egy\u00e9b m\u00f3don t\u00f6rt\u00e9n\u0151 hozz\u00e1f\u00e9rhet\u0151v\u00e9 t\u00e9tel \u00fatj\u00e1n, \u00f6sszehangol\u00e1s vagy \u00f6sszekapcsol\u00e1s, korl\u00e1toz\u00e1s, t\u00f6rl\u00e9s, illetve megsemmis\u00edt\u00e9s.<\/span><\/li>\n<\/ol>\n<p>\u00a0<\/p>\n<ol>\n<li style=\"font-weight: 400;\" aria-level=\"2\"><span style=\"font-weight: 400;\">A jelen adatkezel\u00e9si t\u00e1j\u00e9koztat\u00f3 kialak\u00edt\u00e1sakor az Adatkezel\u0151 k\u00fcl\u00f6n\u00f6s tekintettel figyelembe vette<\/span><\/li>\n<\/ol>\n<ul>\n<li style=\"font-weight: 400;\" aria-level=\"1\"><span style=\"font-weight: 400;\">Az Alapt\u00f6rv\u00e9nyt,<\/span><\/li>\n<li style=\"font-weight: 400;\" aria-level=\"1\"><span style=\"font-weight: 400;\">a Polg\u00e1ri T\u00f6rv\u00e9nyk\u00f6nyvr\u0151l sz\u00f3l\u00f3 2013. \u00e9vi V. t\u00f6rv\u00e9nyt (a tov\u00e1bbiakban: Ptk.),<\/span><\/li>\n<li style=\"font-weight: 400;\" aria-level=\"1\"><span style=\"font-weight: 400;\">az inform\u00e1ci\u00f3s \u00f6nrendelkez\u00e9si jogr\u00f3l \u00e9s az inform\u00e1ci\u00f3szabads\u00e1gr\u00f3l sz\u00f3l\u00f3 2011. \u00e9v CXII. t\u00f6rv\u00e9ny (Info tv.),\u00a0<\/span><\/li>\n<li style=\"font-weight: 400;\" aria-level=\"1\"><span style=\"font-weight: 400;\">az Eur\u00f3pai Parlament \u00e9s Tan\u00e1cs 2016\/679 rendelet\u00e9t (GDPR rendelet).<\/span><\/li>\n<\/ul>\n<p><b><\/b><\/p>\n<ul>\n<li aria-level=\"1\"><b>Az adatkezel\u00e9s c\u00e9lja \u00e9s id\u0151tartama<\/b><\/li>\n<\/ul>\n<p>\u00a0<\/p>\n<p><span style=\"font-weight: 400;\">Az \u00d6n adatait az al\u00e1bbi c\u00e9lokb\u00f3l k\u00edv\u00e1njuk kezelni. \u00dczleti Partnerek kiv\u00e1laszt\u00e1sa szerz\u0151d\u00e9sk\u00f6t\u00e9s el\u0151k\u00e9sz\u00edt\u00e9se \u00e9s szerz\u0151d\u00e9sek megk\u00f6t\u00e9se, valamint a Szerz\u0151d\u00e9ses Partnerekkel t\u00f6rt\u00e9n\u0151 kapcsolattart\u00e1s.<\/span><\/p>\n<p><span style=\"font-weight: 400;\">P\u00e9nz\u00fcgyi elsz\u00e1mol\u00e1s az \u00dczleti Partnerekkel \u2013 \u00edgy k\u00fcl\u00f6n\u00f6sen sz\u00e1ml\u00e1k feldolgoz\u00e1sa, rendel\u00e9ssel kapcsolatos dokumentumok, meghatalmaz\u00e1sok, teljes\u00edt\u00e9si igazol\u00e1sok kezel\u00e9se.<\/span><\/p>\n<p><b><\/b><\/p>\n<ul>\n<li aria-level=\"2\"><b>Az adatkezel\u00e9s id\u0151tartama:\u00a0<\/b><\/li>\n<\/ul>\n<p>\u00a0<\/p>\n<p><span style=\"font-weight: 400;\">Szem\u00e9lyes adatait csak addig \u0151rizz\u00fck meg, am\u00edg ez azon c\u00e9l el\u00e9r\u00e9s\u00e9hez sz\u00fcks\u00e9ges, amely c\u00e9lra azokat gy\u0171jt\u00f6tt\u00fck, illetve am\u00edg erre a jogi \u00e9s hat\u00f3s\u00e1gi el\u0151\u00edr\u00e1soknak val\u00f3 megfelel\u00e9shez sz\u00fcks\u00e9g van. Azokat a szem\u00e9lyes adatokat, melyek nem egy konkr\u00e9t meg\u00e1llapod\u00e1shoz k\u00f6t\u0151dnek a vel\u00fcnk folytatott utols\u00f3 kapcsolatot k\u00f6vet\u0151en 24 h\u00f3napig \u0151rizz\u00fck meg az adatb\u00e1zisainkban. A meg\u00e1llapod\u00e1sokra vonatkoz\u00f3 meg\u0151rz\u00e9si id\u0151tartam, amennyiben valamely jogszab\u00e1lyi vagy szab\u00e1lyoz\u00f3 hat\u00f3s\u00e1gi el\u0151\u00edr\u00e1s enn\u00e9l hosszabb vagy r\u00f6videbb meg\u0151rz\u00e9si id\u0151tartamot \u00edr el\u0151, az \u00dczleti Partner \u00e1ltal vel\u00fcnk k\u00f6t\u00f6tt meg\u00e1llapod\u00e1sb\u00f3l sz\u00e1rmaz\u00f3 jogi ig\u00e9nyek el\u00e9v\u00fcl\u00e9s\u00e9nek id\u0151tartama. A fenti id\u0151tartam letelt\u00e9t k\u00f6vet\u0151en a szem\u00e9lyes adatait akt\u00edv rendszereinkb\u0151l t\u00f6r\u00f6lj\u00fck. Jogvit\u00e1val \u00f6sszef\u00fcgg\u00e9sben gy\u0171jt\u00f6tt \u00e9s feldolgozott szem\u00e9lyes adatait (i) peren k\u00edv\u00fcli egyezs\u00e9g l\u00e9trej\u00f6tte, (ii) joger\u0151s d\u00f6nt\u00e9s vagy (iii) az ig\u00e9ny el\u00e9v\u00fcl\u00e9se eset\u00e9n t\u00f6r\u00f6lj\u00fck vagy archiv\u00e1ljuk.<\/span><\/p>\n<p><b><\/b><\/p>\n<ul>\n<li aria-level=\"1\"><b>Az adatkezel\u00e9ssel \u00e9rintett adatok k\u00f6re, az adatkezel\u00e9s jogalapja\u00a0<\/b><\/li>\n<\/ul>\n<p>\u00a0<\/p>\n<p><span style=\"font-weight: 400;\">\u00dczleti Partner Munkav\u00e1llal\u00f3i \u00e9s Megb\u00edzottjainak kapcsolattart\u00f3i adatai<\/span><\/p>\n<ul>\n<li style=\"font-weight: 400;\" aria-level=\"1\"><span style=\"font-weight: 400;\">kapcsolattart\u00f3 szem\u00e9ly neve \u00e9s beoszt\u00e1sa<\/span><\/li>\n<li style=\"font-weight: 400;\" aria-level=\"1\"><span style=\"font-weight: 400;\">kapcsolattart\u00f3 szem\u00e9ly telefonsz\u00e1ma<\/span><\/li>\n<li style=\"font-weight: 400;\" aria-level=\"1\"><span style=\"font-weight: 400;\">kapcsolattart\u00f3 email c\u00edme<\/span><\/li>\n<li style=\"font-weight: 400;\" aria-level=\"1\"><span style=\"font-weight: 400;\">kapcsolattart\u00f3 szem\u00e9ly postai el\u00e9rhet\u0151s\u00e9ge<\/span><\/li>\n<li style=\"font-weight: 400;\" aria-level=\"1\"><span style=\"font-weight: 400;\">kapcsolattart\u00f3 r\u00e9sz\u00e9r\u0151l \u00e9rkez\u0151 kommunik\u00e1ci\u00f3k (levelek, utas\u00edt\u00e1sok, \u00e9rtes\u00edt\u00e9sek)<\/span><\/li>\n<\/ul>\n<p><b><\/b><\/p>\n<ul>\n<li aria-level=\"1\"><b>Az Adatkezel\u00e9s jogalapja\u00a0<\/b><\/li>\n<\/ul>\n<p>\u00a0<\/p>\n<ol>\n<li style=\"font-weight: 400;\" aria-level=\"2\"><span style=\"font-weight: 400;\">Az adatkezel\u00e9s jogalapja a GDPR 6. cikk (1) (b) pontja \u2013 a Gravity \u00e9s az \u00dczleti Partner jogos \u00e9rdeke. A jogos \u00e9rdek: a szerz\u0151d\u00e9ses k\u00f6telezetts\u00e9geinek teljes\u00edt\u00e9s\u00e9ben val\u00f3 k\u00f6zrem\u0171k\u00f6d\u00e9s, a folyamatok z\u00f6kken\u0151mentes lebonyol\u00edt\u00e1sa \u00e9s az \u00dczleti Partnerekkel val\u00f3 egy\u00fcttm\u0171k\u00f6d\u00e9s, a szerz\u0151d\u00e9s teljes\u00edt\u00e9s\u00e9nek nyomon k\u00f6vet\u00e9se \u00e9s igazol\u00e1sa, az \u00fczleti m\u0171k\u00f6d\u00e9s fenntart\u00e1sa, valamint ellen\u0151rizhet\u0151s\u00e9g\u00e9nek \u00e9s \u00e1tl\u00e1that\u00f3s\u00e1g\u00e1nak a biztos\u00edt\u00e1sa.<\/span><\/li>\n<\/ol>\n<p>\u00a0<\/p>\n<p><span style=\"font-weight: 400;\">A Kapcsolattart\u00f3i Adatok \u00e1tad\u00e1s\u00e1ra annak r\u00f6gz\u00edt\u00e9se mellett ker\u00fcl sor, hogy a Kapcsolattart\u00f3i Adatok kezel\u00e9s\u00e9re az \u00dczleti Partner megfelel\u0151 jogalappal rendelkezik \u2013 a kapcsolattart\u00f3 szem\u00e9ly \u00e1ltal\u00e1ban az \u00dczleti Partner munkav\u00e1llal\u00f3ja vagy vezet\u0151 tiszts\u00e9gvisel\u0151je, \u00e9s az \u00dczleti Partner a munkahelyi telefonsz\u00e1m\u00e1t \u00e9s e-mail c\u00edm\u00e9t adja meg a Gravity sz\u00e1m\u00e1ra.<\/span><\/p>\n<p>\u00a0<\/p>\n<ol>\n<li style=\"font-weight: 400;\" aria-level=\"2\"><span style=\"font-weight: 400;\">A jelen Adatkezel\u00e9sre a mindenkor hat\u00e1lyos magyar \u00e9s eur\u00f3pai uni\u00f3s jogszab\u00e1lyok ir\u00e1nyad\u00f3ak, \u00edgy k\u00fcl\u00f6n\u00f6sen az inform\u00e1ci\u00f3s \u00f6nrendelkez\u00e9si jogr\u00f3l \u00e9s az inform\u00e1ci\u00f3szabads\u00e1gr\u00f3l sz\u00f3l\u00f3 2011. \u00e9vi CXII. t\u00f6rv\u00e9ny (a tov\u00e1bbiakban Info tv.), valamint az Eur\u00f3pai Parlament \u00e9s Tan\u00e1cs (EU) 2016\/679. sz\u00e1m\u00fa &#8211; term\u00e9szetes szem\u00e9lyeknek a szem\u00e9lyes adatok kezel\u00e9se tekintet\u00e9ben t\u00f6rt\u00e9n\u0151 v\u00e9delm\u00e9r\u0151l \u00e9s az ilyen adatok szabad \u00e1raml\u00e1s\u00e1r\u00f3l valamint a 95\/46\/EK ir\u00e1nyelv hat\u00e1lyon k\u00edv\u00fcl helyez\u00e9s\u00e9r\u0151l sz\u00f3l\u00f3 &#8211; rendelet (\u00e1ltal\u00e1nos adatv\u00e9delmi rendelet, azaz az \u00fan. GDPR, a tov\u00e1bbiakban GDPR).<\/span><\/li>\n<\/ol>\n<p><b><\/b><\/p>\n<ul>\n<li aria-level=\"1\"><b>\u00d6nt, mint az adatkezel\u00e9s \u00e9rintettj\u00e9t megillet\u0151 jogok\u00a0<\/b><\/li>\n<\/ul>\n<p>\u00a0<\/p>\n<ol>\n<li style=\"font-weight: 400;\" aria-level=\"2\"><span style=\"font-weight: 400;\">\u00d6nt, mint az adatkezel\u00e9s \u00e9rintettj\u00e9t, az al\u00e1bbi jogok illetik meg az \u00d6nr\u0151l kezelt szem\u00e9lyes adatok vonatkoz\u00e1s\u00e1ban:<\/span><\/li>\n<\/ol>\n<p>\u00a0<\/p>\n<ol>\n<li style=\"font-weight: 400;\" aria-level=\"3\"><span style=\"font-weight: 400;\">k\u00e9relmezheti az Adatkezel\u0151t\u0151l az \u00d6nr\u0151l kezelt szem\u00e9lyes adatokhoz t\u00f6rt\u00e9n\u0151 hozz\u00e1f\u00e9r\u00e9st;\u00a0<\/span><\/li>\n<\/ol>\n<p><span style=\"font-weight: 400;\">[A hozz\u00e1f\u00e9r\u00e9s joga lehet\u0151s\u00e9get biztos\u00edt \u00d6nnek arra, hogy visszajelz\u00e9st kapjon az Adatkezel\u0151t\u0151l arra vonatkoz\u00f3an, hogy folyamatban van-e \u00d6nre vonatkoz\u00f3an adatkezel\u00e9s. Amennyiben igen, \u00fagy pedig jogosult hozz\u00e1f\u00e9rni a szem\u00e9lyes adataihoz valamint t\u00e1j\u00e9koztat\u00e1st k\u00e9rni az Adatkezel\u0151t\u0151l az adatkezel\u00e9st \u00e9rint\u0151 inform\u00e1ci\u00f3kr\u00f3l.];\u00a0<\/span><\/p>\n<ol>\n<li style=\"font-weight: 400;\" aria-level=\"3\"><span style=\"font-weight: 400;\">a szem\u00e9lyes adatok helyesb\u00edt\u00e9s\u00e9t illetve t\u00f6rl\u00e9s\u00e9t, valamint ezen adatok kezel\u00e9s\u00e9nek korl\u00e1toz\u00e1s\u00e1t jogosult k\u00e9relmezni;<\/span><\/li>\n<\/ol>\n<p><span style=\"font-weight: 400;\">[A helyesb\u00edt\u00e9s \u00e9s t\u00f6rl\u00e9s joga (\u201eelfeledtet\u00e9shez val\u00f3\u201djog) lehet\u0151s\u00e9get biztos\u00edt arra, hogy pontatlan vagy hi\u00e1nyos adatok eset\u00e9n azok helyesb\u00edt\u00e9s\u00e9t k\u00e9rje az Adatkezel\u0151t\u0151l, illetve hogy szem\u00e9lyes adatainak t\u00f6rl\u00e9s\u00e9t ig\u00e9nyelje. Ha \u00d6n a szem\u00e9lyes adatok kezel\u00e9s\u00e9nek korl\u00e1toz\u00e1s\u00e1t k\u00e9ri, akkor az Adatkezel\u0151 az adatkezel\u00e9st az \u00d6n k\u00e9relm\u00e9nek megfelel\u0151en korl\u00e1tozhatja. Ha \u00d6n vitatja a szem\u00e9lyes adatainak pontoss\u00e1g\u00e1t, akkor a korl\u00e1toz\u00e1s id\u0151tartama arra az id\u0151tartamra vonatkozik, amely lehet\u0151v\u00e9 teszi az Adatkezel\u0151 r\u00e9sz\u00e9re ezen adatok pontoss\u00e1g\u00e1nak ellen\u0151rz\u00e9s\u00e9t. \u00d6n k\u00e9rheti a szem\u00e9lyes adatok felhaszn\u00e1l\u00e1s\u00e1nak korl\u00e1toz\u00e1s\u00e1t, ha az adatkezel\u00e9s jogellenes, de \u00d6n ellenzi azok t\u00f6rl\u00e9s\u00e9t. \u00d6n el\u0151terjeszthet ilyen k\u00e9relmet akkor is, ha az adatkezel\u0151nek m\u00e1r nincs sz\u00fcks\u00e9ges a szem\u00e9lyes adataira adatkezel\u00e9s c\u00e9lj\u00e1b\u00f3l, de \u00d6n ig\u00e9nyli az adatkezel\u00e9s korl\u00e1toz\u00e1s\u00e1t, jogi ig\u00e9nyek el\u0151terjeszt\u00e9s\u00e9hez, \u00e9rv\u00e9nyes\u00edt\u00e9s\u00e9hez vagy v\u00e9delm\u00e9hez];\u00a0<\/span><\/p>\n<ol>\n<li style=\"font-weight: 400;\" aria-level=\"3\"><span style=\"font-weight: 400;\">\u00a0megilleti az adatainak hordozhat\u00f3s\u00e1g\u00e1hoz val\u00f3 jog;<\/span><\/li>\n<\/ol>\n<p><span style=\"font-weight: 400;\">[Az adathordozhat\u00f3s\u00e1ghoz val\u00f3 jog keret\u00e9ben \u00d6n jogosult arra, hogy az Adatkezel\u0151 rendelkez\u00e9s\u00e9re bocs\u00e1tott szem\u00e9lyes adatait tagolt, sz\u00e9les k\u00f6rben haszn\u00e1lt, g\u00e9ppel olvashat\u00f3 form\u00e1tumban megkapja, tov\u00e1bb\u00e1 jogosult arra, hogy ezeket az adatokat egy m\u00e1sik adatkezel\u0151nek tov\u00e1bb\u00edtsa an\u00e9lk\u00fcl, hogy ezt akad\u00e1lyozn\u00e1 az Adatkezel\u0151. Ha technikailag megval\u00f3s\u00edthat\u00f3, akkor \u00d6n azt is k\u00e9rheti, hogy a szem\u00e9lyes adatait az Adatkezel\u0151 m\u00e1s adatkezel\u0151 r\u00e9sz\u00e9re k\u00f6zvetlen\u00fcl tov\u00e1bb\u00edtsa.];<\/span><\/p>\n<ol>\n<li style=\"font-weight: 400;\" aria-level=\"3\"><span style=\"font-weight: 400;\">megilleti azon jog, hogy az adatkezel\u00e9shez adott hozz\u00e1j\u00e1rul\u00e1s\u00e1t r\u00e9szben vagy eg\u00e9szben b\u00e1rmikor visszavonja. [Felh\u00edvjuk a figyelm\u00e9t arra, hogy a hozz\u00e1j\u00e1rul\u00e1s visszavon\u00e1sa nem \u00e9rinti a visszavon\u00e1s el\u0151tt az \u00d6n hozz\u00e1j\u00e1rul\u00e1s alapj\u00e1n v\u00e9grehajtott adatkezel\u00e9s jogszer\u0171s\u00e9g\u00e9t];\u00a0<\/span><\/li>\n<li style=\"font-weight: 400;\" aria-level=\"3\"><span style=\"font-weight: 400;\">tiltakozhat szem\u00e9lyes adatainak kezel\u00e9se ellen.<\/span><\/li>\n<\/ol>\n<p>\u00a0<\/p>\n<ol>\n<li style=\"font-weight: 400;\" aria-level=\"3\"><span style=\"font-weight: 400;\">A fenti 4.1. pontban r\u00f6gz\u00edtett jogosults\u00e1gokat \u00d6n, mint az adatkezel\u00e9s \u00e9rintettje, a hat\u00e1lyos magyar \u00e9s eur\u00f3pai uni\u00f3s jogszab\u00e1lyok alapj\u00e1n gyakorolhatja, \u00edr\u00e1sban, az Adatkezel\u0151 r\u00e9sz\u00e9re \u00edrt, jelen t\u00e1j\u00e9koztat\u00f3 1.1. pontj\u00e1ban megjel\u00f6lt sz\u00e9khely\u00e9re k\u00fcld\u00f6tt postai k\u00fcldem\u00e9ny \u00fatj\u00e1n, vagy a jel\u00f6lt elektronikus c\u00edmre k\u00fcld\u00f6tt e-mail \u00fatj\u00e1n. A h\u00edrlevelekre adott hozz\u00e1j\u00e1rul\u00e1s visszavon\u00e1s\u00e1t a 2.2-es pont r\u00f6gz\u00edti.<\/span><\/li>\n<\/ol>\n<p>\u00a0<\/p>\n<ol>\n<li style=\"font-weight: 400;\" aria-level=\"3\"><span style=\"font-weight: 400;\">Panasz beny\u00fajt\u00e1s joga, B\u00edr\u00f3s\u00e1gi jog\u00e9rv\u00e9nyes\u00edt\u00e9s, K\u00e1rt\u00e9r\u00edt\u00e9s jogellenes adatkezel\u00e9ssel kapcsolatban<\/span><\/li>\n<\/ol>\n<p>\u00a0<\/p>\n<p><span style=\"font-weight: 400;\">Amennyiben \u00d6n a szem\u00e9lyes adatainak kezel\u00e9se sor\u00e1n a jogainak megs\u00e9rt\u00e9s\u00e9t \u00e9szleli, az al\u00e1bbi lehet\u0151s\u00e9gek \u00e1llnak rendelkez\u00e9s\u00e9re:<\/span><\/p>\n<p>\u00a0<\/p>\n<ul>\n<li style=\"font-weight: 400;\" aria-level=\"1\"><span style=\"font-weight: 400;\">k\u00f6zvetlen\u00fcl az Adatkezel\u0151h\u00f6z fordulhat postai lev\u00e9lben vagy e-mailen kereszt\u00fcl az 1.1. pontban r\u00f6gz\u00edtett el\u00e9rhet\u0151s\u00e9geken.<\/span><\/li>\n<li style=\"font-weight: 400;\" aria-level=\"1\"><span style=\"font-weight: 400;\">az \u00e9rintett fel\u00fcgyeleti hat\u00f3s\u00e1gn\u00e1l, a Nemzeti Adatv\u00e9delmi \u00e9s Inform\u00e1ci\u00f3szabads\u00e1g Hat\u00f3s\u00e1gn\u00e1l [NAIH] panaszt ny\u00fajthat be. A NAIH el\u00e9rhet\u0151s\u00e9gei: Sz\u00e9khely: H-1055 Budapest,Falk Miksa u. 9-11. . Telefon: 06-1-391-1400 Email: <\/span><a href=\"mailto:ugyfelszolgalat@naih.hu\"><span style=\"font-weight: 400;\">ugyfelszolgalat@naih.hu<\/span><\/a><\/li>\n<li style=\"font-weight: 400;\" aria-level=\"1\"><span style=\"font-weight: 400;\">b\u00edr\u00f3s\u00e1ghoz fordulhat adatai jogellenes kezel\u00e9se, valamint az adatbiztons\u00e1g k\u00f6vetelm\u00e9nyeinek megszeg\u00e9se eset\u00e9n. A jogszab\u00e1lyban r\u00f6gz\u00edtettek szerint jogosult lehet k\u00e1rt\u00e9r\u00edt\u00e9sre, valamint s\u00e9relem d\u00edjra. A b\u00edr\u00f3s\u00e1g illet\u00e9kess\u00e9g\u00e9r\u0151l \u00e9s el\u00e9rhet\u0151s\u00e9geir\u0151l az al\u00e1bbi honlapon t\u00e1j\u00e9koz\u00f3dhat: <\/span><a href=\"http:\/\/www.birosagok.hu\" target=\"_blank\" rel=\"noopener\"><span style=\"font-weight: 400;\">www.birosagok.hu<\/span><\/a><span style=\"font-weight: 400;\">\u00a0<\/span><\/li>\n<\/ul>\n<p><b><\/b><\/p>\n<ul>\n<li aria-level=\"1\"><b>Adatfeldolgoz\u00e1sr\u00f3l t\u00f6rt\u00e9n\u0151 t\u00e1j\u00e9koztat\u00e1s, adattov\u00e1bb\u00edt\u00e1s<\/b><\/li>\n<\/ul>\n<p>\u00a0<\/p>\n<ol>\n<li style=\"font-weight: 400;\" aria-level=\"2\"><span style=\"font-weight: 400;\">Az \u00d6n szem\u00e9lyes adatainak kezel\u00e9se sor\u00e1n a Gravity adatfeldolgoz\u00f3kat nem vesz ig\u00e9nybe. Az Adatkezel\u0151 birtok\u00e1ba jutott adatokat szem\u00e9lyes adatokat az Adatkezel\u0151 az \u00c9rintett el\u0151zetes hozz\u00e1j\u00e1rul\u00e1sa n\u00e9lk\u00fcl harmadik f\u00e9lnek semmilyen m\u00f3don nem adja tov\u00e1bb azon esetek kiv\u00e9tel\u00e9vel, amikor az adatok tov\u00e1bb\u00edt\u00e1sa az Adatkezel\u0151 jogszab\u00e1lyi el\u0151\u00edr\u00e1sn\u00e1l fogva k\u00f6teles.<\/span><\/li>\n<\/ol>\n<p>\u00a0<\/p>\n<ol>\n<li style=\"font-weight: 400;\" aria-level=\"1\"><span style=\"font-weight: 400;\">Az Adatkezel\u00e9si t\u00e1j\u00e9koztat\u00f3ban haszn\u00e1lt fogalmak<\/span><\/li>\n<\/ol>\n<p>\u00a0<\/p>\n<p><b>Adatfeldolgoz\u00e1s:<\/b><span style=\"font-weight: 400;\"> az adatkezel\u00e9si m\u0171veletekhez kapcsol\u00f3d\u00f3 technikai feladatok elv\u00e9gz\u00e9se.\u00a0<\/span><\/p>\n<p>\u00a0<\/p>\n<p><b>Adatkezel\u00e9s<\/b><span style=\"font-weight: 400;\">: az alkalmazott elj\u00e1r\u00e1st\u00f3l f\u00fcggetlen\u00fcl az adaton v\u00e9gzett b\u00e1rmely m\u0171velet vagy a m\u0171veletek \u00f6sszess\u00e9ge, \u00edgy k\u00fcl\u00f6n\u00f6sen gy\u0171jt\u00e9se, felv\u00e9tele, r\u00f6gz\u00edt\u00e9se, rendszerez\u00e9se, t\u00e1rol\u00e1sa, megv\u00e1ltoztat\u00e1sa, felhaszn\u00e1l\u00e1sa, lek\u00e9rdez\u00e9se, tov\u00e1bb\u00edt\u00e1sa, nyilv\u00e1noss\u00e1gra hozatala, \u00f6sszehangol\u00e1sa vagy \u00f6sszekapcsol\u00e1sa, z\u00e1rol\u00e1sa, t\u00f6rl\u00e9se \u00e9s megsemmis\u00edt\u00e9se, valamint az adat tov\u00e1bbi felhaszn\u00e1l\u00e1s\u00e1nak megakad\u00e1lyoz\u00e1sa, f\u00e9nyk\u00e9p hang vagy k\u00e9pfelv\u00e9tel k\u00e9sz\u00edt\u00e9se.\u00a0<\/span><\/p>\n<p>\u00a0<\/p>\n<p><b>Adatkezel\u0151: <\/b><span style=\"font-weight: 400;\">az a term\u00e9szetes vagy jogi szem\u00e9ly, illetve jogi szem\u00e9lyis\u00e9ggel rendelkez\u0151 t\u00e1rsas\u00e1g, aki vagy amely \u00f6n\u00e1ll\u00f3an vagy m\u00e1sokkal egy\u00fctt az adatok kezel\u00e9s\u00e9nek c\u00e9lj\u00e1t meghat\u00e1rozza, az adatkezel\u00e9sre (bele\u00e9rtve a felhaszn\u00e1lt eszk\u00f6zt) vonatkoz\u00f3 d\u00f6nt\u00e9seket meghozza \u00e9s v\u00e9grehajtja, vagy az \u00e1ltala megb\u00edzott adatfeldolgoz\u00f3val v\u00e9grehajthatja.\u00a0<\/span><\/p>\n<p>\u00a0<\/p>\n<p><b>Adattov\u00e1bb\u00edt\u00e1s <\/b><span style=\"font-weight: 400;\">az adat meghat\u00e1rozott harmadik szem\u00e9ly sz\u00e1m\u00e1ra t\u00f6rt\u00e9n\u0151 hozz\u00e1f\u00e9rhet\u0151v\u00e9 t\u00e9tele.\u00a0<\/span><\/p>\n<p>\u00a0<\/p>\n<p><b>Adatt\u00f6rl\u00e9s:<\/b><span style=\"font-weight: 400;\"> az adatok felismerhetetlenn\u00e9 t\u00e9tele oly m\u00f3don, hogy a helyre\u00e1ll\u00edt\u00e1suk nem lehets\u00e9ges.\u00a0<\/span><\/p>\n<\/p>\n<p><b>H\u00edrlev\u00e9l\u00a0<\/b><\/p>\n<p><span style=\"font-weight: 400;\">A direkt marketing egyik eszk\u00f6ze, lev\u00e9lrekl\u00e1m, marketing \u00fczenet. Az \u00c9rintett erre ir\u00e1nyul\u00f3 el\u0151zetes hozz\u00e1j\u00e1rul\u00e1s\u00e1t k\u00f6vet\u0151en az Adatkezel\u0151 e-mailben rekl\u00e1mot, marketing \u00fczenetet k\u00fcldhet az \u00c9rintett email postafi\u00f3kj\u00e1ba.\u00a0<\/span><\/p>\n<p>\u00a0<\/p>\n<p><b>\u00c9rintett:<\/b><span style=\"font-weight: 400;\"> az a term\u00e9szetes szem\u00e9ly, akinek az adatkezel\u00e9s a szem\u00e9lyes adatait \u00e9rinti.\u00a0<\/span><\/p>\n<p>\u00a0<\/p>\n<p><b>Hozz\u00e1j\u00e1rul\u00e1s<\/b><span style=\"font-weight: 400;\">: az \u00c9rintett akarat\u00e1nak \u00f6nk\u00e9ntes \u00e9s hat\u00e1rozott kinyilv\u00e1n\u00edt\u00e1sa, amely megfelel\u0151 t\u00e1j\u00e9koztat\u00e1son alapul, \u00e9s amellyel f\u00e9lre\u00e9rthetetlen beleegyez\u00e9s\u00e9t adja a r\u00e1 vonatkoz\u00f3 szem\u00e9lyes adatok \u2013 teljes k\u00f6r\u0171 vagy egyes m\u0171veletekre kiterjed\u0151 kezel\u00e9s\u00e9hez.\u00a0<\/span><\/p>\n<p>\u00a0<\/p>\n<p><b>Szem\u00e9lyes adat:<\/b><span style=\"font-weight: 400;\"> a meghat\u00e1rozott term\u00e9szetes szem\u00e9llyel kapcsolatba hozhat\u00f3 adat k\u00fcl\u00f6n\u00f6sen a neve, azonos\u00edt\u00f3 jele, valamint egy vagy t\u00f6bb fizikai, fiziol\u00f3giai, ment\u00e1lis, gazdas\u00e1gi, kultur\u00e1lis vagy szoci\u00e1lis azonoss\u00e1g\u00e1ra jellemz\u0151 ismeret valamint az adatb\u00f3l levonhat\u00f3, az \u00e9rintettre vonatkoz\u00f3 k\u00f6vetkeztet\u00e9s, amely nem min\u0151s\u00fcl k\u00f6z\u00e9rdek\u0171, vagy k\u00f6z\u00e9rdekb\u0151l nyilv\u00e1nos adatnak. Szem\u00e9lyes adatnak min\u0151s\u00fcl t\u00f6bbek k\u00f6z\u00f6tt a n\u00e9v, a lakc\u00edm \u00e9s az email c\u00edm.\u00a0<\/span><\/p>\n<p>\u00a0<\/p>\n<p><b>Tiltakoz\u00e1s<\/b><span style=\"font-weight: 400;\">: az \u00c9rintett nyilatkozata, amellyel szem\u00e9lyes adatainak kezel\u00e9s\u00e9t kifog\u00e1solja, \u00e9s az adatkezel\u00e9s\u00a0<\/span><\/p>\n<p><span style=\"font-weight: 400;\">megsz\u00fcntet\u00e9s\u00e9t, illetve a kezelt adatok<\/span><\/p>\n<p>\u00a0<\/p>\n<p><span style=\"font-weight: 400;\">A jelen adatv\u00e9delmi t\u00e1j\u00e9koztat\u00f3 visszavon\u00e1sig \u00e9rv\u00e9nyes, szem\u00e9lyi hat\u00e1lya kiterjed az Adatkezel\u0151 minden foglalkoztatottj\u00e1ra, a tiszts\u00e9gvisel\u0151ikre \u00e9s a vel\u00fck megb\u00edz\u00e1si jogviszonyban \u00e1ll\u00f3kra.<\/span><\/p>\n<\/p>\n<p><span style=\"font-weight: 400;\">Budapest, 2025. augusztus \u2026.<\/span><\/p>\n<\/p>\n<p>\n<\/div><\/div><\/div><\/div><\/div><\/div><div data-bb-version=\"5.6.7\" class=\"bt_bb_row \"  data-bt-override-class=\"{}\"><div class=\"bt_bb_row_holder\" ><div data-bb-version=\"5.6.7\"  class=\"bt_bb_column col-xxl-12 col-xl-12 col-xs-12 col-sm-12 col-md-12 col-lg-12 bt_bb_vertical_align_top bt_bb_align_left bt_bb_padding_normal\" style=\"; --column-width:12;\" data-width=\"12\" data-bt-override-class=\"{}\"><div class=\"bt_bb_column_content\"><div class=\"bt_bb_column_content_inner\"><\/div><\/div><\/div><\/div><\/div><\/div><!-- cell_inner --><\/div><!-- cell --><\/div><!-- port --><\/section>\n<div class=\"ttr_end\"><\/div>","protected":false},"excerpt":{"rendered":"","protected":false},"author":130,"featured_media":0,"parent":0,"menu_order":0,"comment_status":"closed","ping_status":"closed","template":"","meta":{"footnotes":""},"class_list":["post-11365","page","type-page","status-publish","hentry"],"_links":{"self":[{"href":"https:\/\/gravitybp.com\/hu\/wp-json\/wp\/v2\/pages\/11365","targetHints":{"allow":["GET"]}}],"collection":[{"href":"https:\/\/gravitybp.com\/hu\/wp-json\/wp\/v2\/pages"}],"about":[{"href":"https:\/\/gravitybp.com\/hu\/wp-json\/wp\/v2\/types\/page"}],"author":[{"embeddable":true,"href":"https:\/\/gravitybp.com\/hu\/wp-json\/wp\/v2\/users\/130"}],"replies":[{"embeddable":true,"href":"https:\/\/gravitybp.com\/hu\/wp-json\/wp\/v2\/comments?post=11365"}],"version-history":[{"count":0,"href":"https:\/\/gravitybp.com\/hu\/wp-json\/wp\/v2\/pages\/11365\/revisions"}],"wp:attachment":[{"href":"https:\/\/gravitybp.com\/hu\/wp-json\/wp\/v2\/media?parent=11365"}],"curies":[{"name":"wp","href":"https:\/\/api.w.org\/{rel}","templated":true}]}}